{"id":3018,"date":[],"date_gmt":"2019-12-09T15:54:10","guid":{"rendered":"https:\/\/dev.lasemaineduson.be\/event\/spectacle-peau-de-louve-work-in-progress\/"},"modified":"2023-11-14T14:27:20","modified_gmt":"2023-11-14T13:27:20","slug":"spectacle-peau-de-louve-work-in-progress","status":"publish","type":"event","link":"https:\/\/www.lasemaineduson.be\/en\/event\/spectacle-peau-de-louve-work-in-progress\/","title":{"rendered":"Spectacle : Peau de louve &#8211; Work in Progress"},"content":{"rendered":"<p><b>DELTA <\/b><span style=\"font-weight: 400;\">Work in progress <\/span><b><i>&#8220;Peau de louve&#8221;<\/i><\/b><b>\u00a0<\/b><\/p>\n<p><span style=\"font-weight: 400;\">Une cr\u00e9ation du Th\u00e9\u00e2tre Coeur de Terre avec <\/span><b>Edith Van Malder<\/b><span style=\"font-weight: 400;\"> et <\/span><b>Adrian Diaz<\/b><span style=\"font-weight: 400;\">.<\/span><\/p>\n<p><b>Texte de V\u00e9ronika Mabardi<\/b><\/p>\n<p>&nbsp;<\/p>\n<p><span style=\"font-weight: 400;\">Peau de louve est un r\u00e9cit-conte, inspir\u00e9 de la tradition ancestrale des contes oraux qui nous viennent des for\u00eats profondes du Canada, de la selva d\u2019Am\u00e9rique latine ou plus simplement des Ardennes belges. Peau de louve partage avec toutes ces histoires une id\u00e9e vielle comme le monde : enfonce-toi dans la for\u00eat, une \u00e9preuve t\u2019y attend, qui te transformera\u2026<\/span><\/p>\n<p><span style=\"font-weight: 400;\">C&#8217;est l&#8217;histoire d&#8217;une enfant qui voudrait tout vivre, tout go\u00fbter. Une enfant qui s&#8217;est tiss\u00e9 une peau de lumi\u00e8re avec les histoires qu&#8217;elle a lues, entendues, invent\u00e9es. Le jour o\u00f9 elle quitte le grenier et ses jeux, rev\u00eatue de cette peau de lumi\u00e8re, tout bascule. Confront\u00e9e au d\u00e9sir des autres, elle assiste, seule, \u00e0 l&#8217;usure de sa peau, dont chacun veut un morceau. Elle traverse la ville, \u00e0 la recherche d&#8217;une nouvelle peau. Sans plus de protection, elle absorbe la douleur des autres, jusqu&#8217;\u00e0 l&#8217;\u00e9puisement. Les mots autrefois partenaires de jeu n&#8217;ont plus de sens. Elle est une terre envahie. Ses souvenirs d&#8217;enfant l&#8217;invitent \u00e0 s&#8217;enfoncer dans la for\u00eat, une de ces for\u00eats profondes, comme dans les contes, et dans laquelle une \u00e9preuve l&#8217;attend et la transformera.<\/span><\/p>\n<p>&nbsp;<\/p>\n<p><span style=\"font-weight: 400;\">Cr\u00e9ation, mise en sc\u00e8ne, sc\u00e9nographie, interpr\u00e9tation \u00c9dith Van Malder<\/span><\/p>\n<p><span style=\"font-weight: 400;\">Interpr\u00e9tation &amp; dramaturgie Renaud Van Camp<\/span><\/p>\n<p><span style=\"font-weight: 400;\">\u00c9criture &amp; dramaturgie Veronika Mabardi<\/span><\/p>\n<p><span style=\"font-weight: 400;\">Collaboration artistique, regard ext\u00e9rieur Dominique Roodhooft<\/span><\/p>\n<p><span style=\"font-weight: 400;\">Cr\u00e9ation musicale, arrangements sonores, assistanat technique Adrian Diaz<\/span><\/p>\n<p><span style=\"font-weight: 400;\">Prises de son environnementales &amp; arrangements sonores J\u00e9r\u00f4me Mabille<\/span><\/p>\n<p><span style=\"font-weight: 400;\">Consultant en exp\u00e9riences sonores immersives Antoine Bertin<\/span><\/p>\n<p><span style=\"font-weight: 400;\">Accessoires &amp; confidences Laura Lamouchi<\/span><\/p>\n<p><span style=\"font-weight: 400;\">Costumes Catherine Somers<\/span><\/p>\n<p><span style=\"font-weight: 400;\">Consultante chor\u00e9graphe Lucia Vivas<\/span><\/p>\n<p><span style=\"font-weight: 400;\">\u00a0<\/span><\/p>\n<p><span style=\"font-weight: 400;\">R\u00e9sidences Le Corridor | Le Centre Culturel de Namur | La Roseraie | Le temps qu&#8217;on s\u00e8me | Le Delta<\/span><\/p>\n<p>&nbsp;<\/p>\n","protected":false},"author":1,"featured_media":0,"template":"","meta":{"_acf_changed":false,"footnotes":""},"lieu":[993],"region":[],"event_type":[],"edition":[476],"class_list":["post-3018","event","type-event","status-publish","hentry","lieu-le-delta","edition-476"],"acf":[],"_links":{"self":[{"href":"https:\/\/www.lasemaineduson.be\/en\/wp-json\/wp\/v2\/event\/3018","targetHints":{"allow":["GET"]}}],"collection":[{"href":"https:\/\/www.lasemaineduson.be\/en\/wp-json\/wp\/v2\/event"}],"about":[{"href":"https:\/\/www.lasemaineduson.be\/en\/wp-json\/wp\/v2\/types\/event"}],"author":[{"embeddable":true,"href":"https:\/\/www.lasemaineduson.be\/en\/wp-json\/wp\/v2\/users\/1"}],"version-history":[{"count":1,"href":"https:\/\/www.lasemaineduson.be\/en\/wp-json\/wp\/v2\/event\/3018\/revisions"}],"predecessor-version":[{"id":3443,"href":"https:\/\/www.lasemaineduson.be\/en\/wp-json\/wp\/v2\/event\/3018\/revisions\/3443"}],"wp:attachment":[{"href":"https:\/\/www.lasemaineduson.be\/en\/wp-json\/wp\/v2\/media?parent=3018"}],"wp:term":[{"taxonomy":"date","embeddable":true,"href":"https:\/\/www.lasemaineduson.be\/en\/wp-json\/wp\/v2\/date?post=3018"},{"taxonomy":"lieu","embeddable":true,"href":"https:\/\/www.lasemaineduson.be\/en\/wp-json\/wp\/v2\/lieu?post=3018"},{"taxonomy":"region","embeddable":true,"href":"https:\/\/www.lasemaineduson.be\/en\/wp-json\/wp\/v2\/region?post=3018"},{"taxonomy":"event_type","embeddable":true,"href":"https:\/\/www.lasemaineduson.be\/en\/wp-json\/wp\/v2\/event_type?post=3018"},{"taxonomy":"edition","embeddable":true,"href":"https:\/\/www.lasemaineduson.be\/en\/wp-json\/wp\/v2\/edition?post=3018"}],"curies":[{"name":"wp","href":"https:\/\/api.w.org\/{rel}","templated":true}]}}