{"id":3059,"date":[],"date_gmt":"2020-01-08T18:43:41","guid":{"rendered":"https:\/\/dev.lasemaineduson.be\/event\/rencontre-kobe-wens-planet-b\/"},"modified":"2023-11-14T14:27:16","modified_gmt":"2023-11-14T13:27:16","slug":"rencontre-kobe-wens-planet-b","status":"publish","type":"event","link":"https:\/\/www.lasemaineduson.be\/en\/event\/rencontre-kobe-wens-planet-b\/","title":{"rendered":"Rencontre Kobe Wens &#8211; Planet B"},"content":{"rendered":"<p>Rencontre avec <a href=\"https:\/\/www.lasemaineduson.be\/wp-content\/uploads\/2020\/01\/BIO_KobeWens_fr.pdf\">Kobe Wens<\/a> &#8211;<em> There is no Planet B<\/em><\/p>\n<p><span style=\"font-weight: 400;\">Des jeunes s\u2019interrogent sur l\u2019avenir et cr\u00e9ent, avec un groupe d\u2019artistes, un court m\u00e9trage de science-fiction.<\/span><\/p>\n<p><span style=\"font-weight: 400;\">En \u00e9t\u00e9 2019, dans le cadre de l\u2019exposition <\/span><i><span style=\"font-weight: 400;\">Highlights for a Future <\/span><\/i><span style=\"font-weight: 400;\">au S.M.AK. \u00e0 Gand, 40 \u00e9l\u00e8ves du \u2018Centrum Leren en\u00a0 Werken Gent\u2019 ont travaill\u00e9 autour de leur vision du futur. Inspir\u00e9s par l&#8217;oeuvre d\u2019art \u2018Gelaagde Stad\u2019 (1995) de Urs Pfannenm\u00fcller, expos\u00e9 dans <\/span><i><span style=\"font-weight: 400;\">Highlights for a Future<\/span><\/i><span style=\"font-weight: 400;\">, les \u00e9l\u00e8ves ont tourn\u00e9 en quatre jour, avec l\u2019aide de plusieurs artistes, un film de science-fiction \u00e0 petit budget. Ces jeunes ont construit une version miniature de la ville du futur, qui appara\u00eet dans le film sous la forme d\u2019un d\u00e9cor. Avec les artistes Kobe Wens, <\/span>Jan Van Nuenen,\u00a0<span style=\"font-weight: 400;\">Louis van der Waal et Charlien Adriaenssens, ils ont fabriqu\u00e9 des costumes et jou\u00e9 des sc\u00e8nes qu\u2019ils ont invent\u00e9es. Se projetant dans le futur, ils expriment leurs pr\u00e9visions concernant le climat, l&#8217;\u00e9ducation, la sexualit\u00e9, la famille, la musique et les m\u00e9dias.<\/span><\/p>\n<p><span style=\"font-weight: 400;\"><strong>Accessible du 29\/01 au 02\/02 de 10:30 \u00e0 18:00<\/strong><\/span><\/p>\n<p>&nbsp;<\/p>\n","protected":false},"author":1,"featured_media":1498,"template":"","meta":{"_acf_changed":false,"footnotes":""},"lieu":[985],"region":[],"event_type":[],"edition":[476],"class_list":["post-3059","event","type-event","status-publish","has-post-thumbnail","hentry","lieu-la-centrale","edition-476"],"acf":[],"_links":{"self":[{"href":"https:\/\/www.lasemaineduson.be\/en\/wp-json\/wp\/v2\/event\/3059","targetHints":{"allow":["GET"]}}],"collection":[{"href":"https:\/\/www.lasemaineduson.be\/en\/wp-json\/wp\/v2\/event"}],"about":[{"href":"https:\/\/www.lasemaineduson.be\/en\/wp-json\/wp\/v2\/types\/event"}],"author":[{"embeddable":true,"href":"https:\/\/www.lasemaineduson.be\/en\/wp-json\/wp\/v2\/users\/1"}],"version-history":[{"count":1,"href":"https:\/\/www.lasemaineduson.be\/en\/wp-json\/wp\/v2\/event\/3059\/revisions"}],"predecessor-version":[{"id":3493,"href":"https:\/\/www.lasemaineduson.be\/en\/wp-json\/wp\/v2\/event\/3059\/revisions\/3493"}],"wp:featuredmedia":[{"embeddable":true,"href":"https:\/\/www.lasemaineduson.be\/en\/wp-json\/wp\/v2\/media\/1498"}],"wp:attachment":[{"href":"https:\/\/www.lasemaineduson.be\/en\/wp-json\/wp\/v2\/media?parent=3059"}],"wp:term":[{"taxonomy":"date","embeddable":true,"href":"https:\/\/www.lasemaineduson.be\/en\/wp-json\/wp\/v2\/date?post=3059"},{"taxonomy":"lieu","embeddable":true,"href":"https:\/\/www.lasemaineduson.be\/en\/wp-json\/wp\/v2\/lieu?post=3059"},{"taxonomy":"region","embeddable":true,"href":"https:\/\/www.lasemaineduson.be\/en\/wp-json\/wp\/v2\/region?post=3059"},{"taxonomy":"event_type","embeddable":true,"href":"https:\/\/www.lasemaineduson.be\/en\/wp-json\/wp\/v2\/event_type?post=3059"},{"taxonomy":"edition","embeddable":true,"href":"https:\/\/www.lasemaineduson.be\/en\/wp-json\/wp\/v2\/edition?post=3059"}],"curies":[{"name":"wp","href":"https:\/\/api.w.org\/{rel}","templated":true}]}}