{"id":3714,"date":[],"date_gmt":"2022-12-18T09:54:46","guid":{"rendered":"https:\/\/dev.lasemaineduson.be\/event\/vernissage-installations-sonores-au-mim\/"},"modified":"2023-11-23T16:03:03","modified_gmt":"2023-11-23T15:03:03","slug":"vernissage-installations-sonores-au-mim","status":"publish","type":"event","link":"https:\/\/www.lasemaineduson.be\/en\/event\/vernissage-installations-sonores-au-mim\/","title":{"rendered":"Vernissage installations sonores au MIM"},"content":{"rendered":"<p><b><i>Vernissage des installations sonores Fr\u00e9quences Antiques et \/\/Translation\/\/ \u00a0&#8211;\u00a0<\/i><\/b><em>Foyer Mahillon (4.etage\/verdieping)<\/em><\/p>\n<p><i>Performance<\/i><i> musicale de Rapha\u00ebl Vens \u00e0 13:00.<\/i><span style=\"font-weight: 400;\">\u00a0Il jouera<\/span><span style=\"font-weight: 400;\">\u00a0avec les chants re\u0301colte\u0301s en d\u00e9but de<\/span><span style=\"font-weight: 400;\"> festival et r\u00e9unira ainsi tous les visiteurs ayant participe\u0301 a\u0300 l&#8217;installation.<\/span><\/p>\n<p><b><i>Fr\u00e9quences Antiques<\/i><\/b><span style=\"font-weight: 400;\"> Rapha\u00ebl Vens<\/span><\/p>\n<p><span style=\"font-weight: 400;\">Cette installation sonore interactive s&#8217;inspire d&#8217;une pratique architecturale courante dans les the\u0301a\u0302tres antiques et plus tard dans certaines e\u0301glises. A l&#8217;e\u0301poque, des vases e\u0301taient inse\u0301re\u0301s dans les murs des ba\u0302timents afin de transformer l&#8217;acoustique du lieu. Ces vases servaient de re\u0301sonateur ou d&#8217;absorbeur de fre\u0301quences modifiant la qualite\u0301 sonore des ba\u0302timents.\u00a0<\/span><\/p>\n<p><span style=\"font-weight: 400;\">Partant de cette ide\u0301e, une grande amphore est place\u0301e sur un socle a\u0300 hauteur de bouche. Ce vase re\u0301colte les chants des visiteurs. Chacun de ces chants est enregistre\u0301, transforme\u0301 et diffuse\u0301 par huit haut-parleurs. Chaque chant se me\u0301tamorphose en une chorale personnelle en offrant une re\u0301ponse musicale cr\u00e9\u00e9e \u00e0 partir du son de votre voix. La chorale a sa propre me\u0301lodie et sa propre harmonie. L&#8217;expe\u0301rience devient alors unique pour chaque chanteur en herbe.\u00a0<\/span><\/p>\n<p><span style=\"font-weight: 400;\">Cette oeuvre a rec\u0327u le soutien de la Fe\u0301de\u0301ration Wallonie-Bruxelles (Arts nume\u0301riques-2018)<\/span><\/p>\n<p>&nbsp;<\/p>\n<p><b><i>\/\/Translation\/\/<\/i><\/b> <span style=\"font-weight: 400;\">de St\u00e9phanie Laforce <\/span><b>&#8211; <\/b><span style=\"font-weight: 400;\">\u00a0installation audio-visuelle interactive et exposition photos. <\/span><span style=\"font-weight: 400;\">Le public est invit\u00e9 \u00e0 manipuler un instrument hybride, n\u00e9 du mariage d\u2019une ancienne machine \u00e0 coudre et d\u2019un dispositif num\u00e9rique imagin\u00e9 par l\u2019artiste. <\/span><span style=\"font-weight: 400;\">Cette \u0153uvre part de l&#8217;id\u00e9e de synesth\u00e9sie ; Une \u00e9vocation musicale des \u00e9tats de r\u00eaverie ressentis lors de longs voyages. Le paysage d\u00e9file \u00e0 la vitesse du p\u00e9dalier et devient le papier d&#8217;une bo\u00eete \u00e0 musique \u00e0 d\u00e9chiffrer et \u00e0 interpr\u00e9ter. Une plaque grav\u00e9e<\/span><i><span style=\"font-weight: 400;\"> \u00ab\u00a0p\u00e9daler pour voyager\u00a0\u00bb<\/span><\/i><span style=\"font-weight: 400;\"> invite le visiteur \u00e0 s\u2019asseoir pour actionner le p\u00e9dalier. Son mouvement g\u00e9n\u00e8re la vitesse de d\u00e9filement du paysage et contr\u00f4le le son. La musique de l\u2019installation m\u00e9lange des sons ferroviaires et des sons g\u00e9n\u00e9r\u00e9s par des retouches dessin\u00e9es \u00e0 m\u00eame l&#8217;image. La voix de la chanteuse lyrique Laurence Renson vient enrichir ce voyage. Cette installation interactive s\u2019accompagne de tirages photos de paysages r\u00e9alis\u00e9s\u00a0 par l\u2019artiste \u00e0 travers les fen\u00eatres de v\u00e9hicules. Ces captations sont pour l\u2019artiste de r\u00e9elles partitions graphiques dont la m\u00e9lodie \u00ab programm\u00e9e \u00bb est dict\u00e9e par le r\u00e9el. Venez p\u00e9daler-r\u00eaver en immersion!\u00a0<\/span><\/p>\n<p>&nbsp;<\/p>\n<p><b>Les deux installations sont accessibles au MIM du 31\/1 au 05\/02, entre 10:00 et 17:00.<\/b><\/p>\n<p>&nbsp;<\/p>\n<p>&nbsp;<\/p>\n<p><br style=\"font-weight: 400;\" \/><br style=\"font-weight: 400;\" \/><br style=\"font-weight: 400;\" \/><br style=\"font-weight: 400;\" \/><\/p>\n","protected":false},"author":1,"featured_media":2188,"template":"","meta":{"_acf_changed":false,"footnotes":""},"lieu":[915],"region":[],"event_type":[],"edition":[5],"class_list":["post-3714","event","type-event","status-publish","has-post-thumbnail","hentry","lieu-mim","edition-5"],"acf":[],"_links":{"self":[{"href":"https:\/\/www.lasemaineduson.be\/en\/wp-json\/wp\/v2\/event\/3714","targetHints":{"allow":["GET"]}}],"collection":[{"href":"https:\/\/www.lasemaineduson.be\/en\/wp-json\/wp\/v2\/event"}],"about":[{"href":"https:\/\/www.lasemaineduson.be\/en\/wp-json\/wp\/v2\/types\/event"}],"author":[{"embeddable":true,"href":"https:\/\/www.lasemaineduson.be\/en\/wp-json\/wp\/v2\/users\/1"}],"version-history":[{"count":1,"href":"https:\/\/www.lasemaineduson.be\/en\/wp-json\/wp\/v2\/event\/3714\/revisions"}],"predecessor-version":[{"id":5270,"href":"https:\/\/www.lasemaineduson.be\/en\/wp-json\/wp\/v2\/event\/3714\/revisions\/5270"}],"wp:featuredmedia":[{"embeddable":true,"href":"https:\/\/www.lasemaineduson.be\/en\/wp-json\/wp\/v2\/media\/2188"}],"wp:attachment":[{"href":"https:\/\/www.lasemaineduson.be\/en\/wp-json\/wp\/v2\/media?parent=3714"}],"wp:term":[{"taxonomy":"date","embeddable":true,"href":"https:\/\/www.lasemaineduson.be\/en\/wp-json\/wp\/v2\/date?post=3714"},{"taxonomy":"lieu","embeddable":true,"href":"https:\/\/www.lasemaineduson.be\/en\/wp-json\/wp\/v2\/lieu?post=3714"},{"taxonomy":"region","embeddable":true,"href":"https:\/\/www.lasemaineduson.be\/en\/wp-json\/wp\/v2\/region?post=3714"},{"taxonomy":"event_type","embeddable":true,"href":"https:\/\/www.lasemaineduson.be\/en\/wp-json\/wp\/v2\/event_type?post=3714"},{"taxonomy":"edition","embeddable":true,"href":"https:\/\/www.lasemaineduson.be\/en\/wp-json\/wp\/v2\/edition?post=3714"}],"curies":[{"name":"wp","href":"https:\/\/api.w.org\/{rel}","templated":true}]}}