{"id":3074,"date":[],"date_gmt":"2020-02-06T11:33:06","guid":{"rendered":"https:\/\/dev.lasemaineduson.be\/event\/salon-decoute-halolalune-production\/"},"modified":"2023-11-14T14:27:15","modified_gmt":"2023-11-14T13:27:15","slug":"salon-decoute-halolalune-production","status":"publish","type":"event","link":"https:\/\/www.lasemaineduson.be\/nl\/event\/salon-decoute-halolalune-production\/","title":{"rendered":"Salon d&#8217;\u00e9coute Halolalune production"},"content":{"rendered":"<p>Diffusion en boucle de trois productions d&#8217;Halolalune; <em>Crimens amoris <\/em>de <strong>Caroline Lamarche, <\/strong><em>Parlons-en<\/em> de <strong>Savina Segrais,\u00a0<\/strong> et de <em>La r\u00e9sonance de nos hymnes<\/em> de <strong>Loredana Bianconi<\/strong>.<\/p>\n<ul>\n<li><strong><em>&#8216;Crimens amoris&#8217;\u00a0 <\/em><\/strong>(51&#8242;).\u00a0Un documentaire radiophonique r\u00e9alis\u00e9 par<strong>\u00a0Caroline Lamarche <\/strong>avec une cr\u00e9ation sonore de Margarida Guia. Avec : Bernard Bousmanne, Guy Goffette, Eric et Maurice Lammers, Marie-Fran\u00e7oise Plissart. (Photo \u00a9Marie-France Plissart &#8211; Prison de Mons)<\/li>\n<\/ul>\n<p>La figure de Verlaine \u00e0 la prison de Mons est le fil rouge d\u2019une enqu\u00eate qui cr\u00e9e des ponts entre le pass\u00e9 et le pr\u00e9sent avec l\u2019aide d\u2019une s\u00e9rie de t\u00e9moins-cl\u00e9s. Aux rep\u00e8res historiques (la passion Rimbaud, \u00ab l\u2019affaire de Bruxelles \u00bb, l\u2019incarc\u00e9ration \u00e0 Mons) et litt\u00e9raires (les po\u00e8mes \u00e9crits en d\u00e9tention) s\u2019ajoute une r\u00e9flexion sur le temps en prison et le temps de l\u2019\u00e9criture, parmi d\u2019autres questions interrogeant un monde qui a bien chang\u00e9 depuis Verlaine.<\/p>\n<p>&nbsp;<\/p>\n<ul>\n<li><strong><em>&#8216;Parlons-en&#8217; <\/em><\/strong>(42&#8242;) Un documentaire radiophonique r\u00e9alis\u00e9 par\u00a0<strong>Savina Segrais\u00a0<\/strong><\/li>\n<\/ul>\n<p>Comment survivre \u00e0 l&#8217;inceste? Comment devenir parent quand son propre mod\u00e8le repr\u00e9sente abus et mal-traitance? Cinq personnes, quatre femmes et un homme, racontent leur parcours : l&#8217;enfance et l&#8217;inceste qu&#8217;ils ont subi, le traumatisme qui a conditionn\u00e9 leur vie, et les m\u00e9canismes qu&#8217;ils ont tent\u00e9 de mettre en place pour s&#8217;en sortir. Chacun a choisi d&#8217;avoir des enfants, et raconte ce chemin difficile. La question de la transmission devient centrale. Comment casser cette &#8220;mal\u00e9diction&#8221; qui, chez tous, s&#8217;\u00e9tend sur plusieurs g\u00e9n\u00e9rations? Une chose est s\u00fbre: il est primordial pour les victimes, pour les familles, et pour la soci\u00e9t\u00e9, d&#8217;en parler.<\/p>\n<p>&nbsp;<\/p>\n<ul>\n<li><em><strong>La r\u00e9sonance de nos hymnes -Part I <\/strong><\/em>(52&#8242;).\u00a0 Un documentaire radiophonique r\u00e9alis\u00e9 par <strong>Loredana Bianconi <\/strong>en conversation avec Jean-Fran\u00e7ois Gava, Alain Mihali, Anne Morelli, Claudio Pazienza, Jan Vroman<\/li>\n<\/ul>\n<p>Des hymnes r\u00e9sonnent de plus en plus souvent lors de manifestations, de rassemblements de foule, lors de c\u00e9r\u00e9monies. Des versions officielles. Officieuses. X\u00e9nophobes. Les croyait-on un reliquat du pass\u00e9 ? Des souvenirs se pointent, malicieux : Une grand-m\u00e8re dont l\u2019hymne \u00e9tait L\u2019Internationale. Des parents oblig\u00e9s d\u2019entonner l\u2019hymne fasciste dans les ann\u00e9es \u201920 \u2013 \u201940 en Italie. Une enfant italienne chantant \u00e0 tue-t\u00eate la Braban\u00e7onne \u00e0 l\u2019\u00e9cole primaire, question de prouver son int\u00e9gration en Belgique. Ce qu\u2019elle pr\u00e9f\u00e9rait, elle, &#8211; ce qu\u2019elle pr\u00e9f\u00e8re ? &#8211; c\u2019\u00e9tait l\u2019hymne du \u2018Piave\u2019 datant de la premi\u00e8re guerre mondiale que lui chantait son grand-p\u00e8re. \u00c7a fait beaucoup d\u2019hymnes diff\u00e9rents pour une seule famille ! On tend l\u2019oreille aux paroles : Patrie, fronti\u00e8res, sang, dieu\u2026\u00a0 On se rebiffe devant la r\u00e9action \u00e9motionnelle que des airs de marche peuvent malgr\u00e9 tout &#8211;\u00a0 malgr\u00e9 nous \u2013 susciter. Et l\u2019\u00e9motion confront\u00e9e \u00e0 des interpr\u00e9tations plus sensibles le chant d\u2019une exil\u00e9e, la fanfare d\u2019ex-combattants. C\u2019est embarrassant et interpellant. Et chez les autres ? Qu\u2019\u00e9voque ce sujet ? On a envie d\u2019\u00e9veiller la curiosit\u00e9 des autres et de croiser des avis. De mener une petite enqu\u00eate. Peut-\u00eatre les hymnes sont-ils un pr\u00e9texte pour poser des questions que l\u2019on ne s\u2019est jamais vraiment pos\u00e9es ? L\u2019air de rien, en musique<\/p>\n<p>&nbsp;<\/p>\n<p>\u00a9 HALOLALUNE PRODUCTION, Avec l\u2019aide du Fonds d\u2019aide \u00e0 la cr\u00e9ation radiophonique de la F\u00e9d\u00e9ration Wallonie Bruxelles, la SACD-Scam, Mons 2015<\/p>\n","protected":false},"author":1,"featured_media":1601,"template":"","meta":{"_acf_changed":false,"footnotes":""},"lieu":[1003],"region":[],"event_type":[],"edition":[476],"class_list":["post-3074","event","type-event","status-publish","has-post-thumbnail","hentry","lieu-alba","edition-476"],"acf":[],"_links":{"self":[{"href":"https:\/\/www.lasemaineduson.be\/nl\/wp-json\/wp\/v2\/event\/3074","targetHints":{"allow":["GET"]}}],"collection":[{"href":"https:\/\/www.lasemaineduson.be\/nl\/wp-json\/wp\/v2\/event"}],"about":[{"href":"https:\/\/www.lasemaineduson.be\/nl\/wp-json\/wp\/v2\/types\/event"}],"author":[{"embeddable":true,"href":"https:\/\/www.lasemaineduson.be\/nl\/wp-json\/wp\/v2\/users\/1"}],"version-history":[{"count":1,"href":"https:\/\/www.lasemaineduson.be\/nl\/wp-json\/wp\/v2\/event\/3074\/revisions"}],"predecessor-version":[{"id":3510,"href":"https:\/\/www.lasemaineduson.be\/nl\/wp-json\/wp\/v2\/event\/3074\/revisions\/3510"}],"wp:featuredmedia":[{"embeddable":true,"href":"https:\/\/www.lasemaineduson.be\/nl\/wp-json\/wp\/v2\/media\/1601"}],"wp:attachment":[{"href":"https:\/\/www.lasemaineduson.be\/nl\/wp-json\/wp\/v2\/media?parent=3074"}],"wp:term":[{"taxonomy":"date","embeddable":true,"href":"https:\/\/www.lasemaineduson.be\/nl\/wp-json\/wp\/v2\/date?post=3074"},{"taxonomy":"lieu","embeddable":true,"href":"https:\/\/www.lasemaineduson.be\/nl\/wp-json\/wp\/v2\/lieu?post=3074"},{"taxonomy":"region","embeddable":true,"href":"https:\/\/www.lasemaineduson.be\/nl\/wp-json\/wp\/v2\/region?post=3074"},{"taxonomy":"event_type","embeddable":true,"href":"https:\/\/www.lasemaineduson.be\/nl\/wp-json\/wp\/v2\/event_type?post=3074"},{"taxonomy":"edition","embeddable":true,"href":"https:\/\/www.lasemaineduson.be\/nl\/wp-json\/wp\/v2\/edition?post=3074"}],"curies":[{"name":"wp","href":"https:\/\/api.w.org\/{rel}","templated":true}]}}