{"id":4584,"date":[],"date_gmt":"2021-08-24T13:57:29","guid":{"rendered":"https:\/\/dev.lasemaineduson.be\/event\/pandemie-samen-herinneren-caroline-lamarche-2\/"},"modified":"2023-11-14T14:27:05","modified_gmt":"2023-11-14T13:27:05","slug":"pandemie-samen-herinneren-caroline-lamarche-2","status":"publish","type":"event","link":"https:\/\/www.lasemaineduson.be\/nl\/event\/pandemie-samen-herinneren-caroline-lamarche-2\/","title":{"rendered":"PANDEMIE : SAMEN HERINNEREN &#8211; CAROLINE LAMARCHE"},"content":{"rendered":"<p><strong><em>Teksten ingelezen door Caroline Lamarche<\/em><\/strong><\/p>\n<p><strong>Gedicht(en)<\/strong> om niet alleen te heen te gaan: drie teksten geschreven voor de website &#8220;Gedichtenkrans&#8221; opgestart door dichter Carl Norac ter ere van alle rouwende families.<\/p>\n<p><strong>Zo\u00f6nose<\/strong>: een tekst geschreven bij de fotoreportage van C\u00e9dric Gerbehaye als eerbetoon aan het ziekenhuispersoneel.<\/p>\n<p><em>De foto die u hier ziet is van (c)\u00a0<b class=\"\">C\u00e9dric Gerbehaye<\/b><\/em><\/p>\n<p><em>Vernissage 1 september om 18u, in aanwezigheid van Caroline Lamarche, Christine Van Acker en Roza.<\/em><\/p>\n<div><\/div>\n<p><iframe title=\"\ud835\uddd6\ud835\uddee\ud835\uddff\ud835\uddfc\ud835\uddf9\ud835\uddf6\ud835\uddfb\ud835\uddf2 \ud835\udddf\ud835\uddee\ud835\uddfa\ud835\uddee\ud835\uddff\ud835\uddf0\ud835\uddf5\ud835\uddf2: \ud835\udddf\ud835\uddee \ud835\udde6\ud835\uddf2\ud835\uddfa\ud835\uddee\ud835\uddf6\ud835\uddfb\ud835\uddf2 \ud835\uddf1\ud835\ude02 \ud835\udde6\ud835\uddfc\ud835\uddfb \/ \ud835\uddd7\ud835\uddf2 \ud835\ude04\ud835\uddf2\ud835\uddf2\ud835\uddf8 \ud835\udde9\ud835\uddee\ud835\uddfb \ud835\uddf1\ud835\uddf2 \ud835\uddde\ud835\uddf9\ud835\uddee\ud835\uddfb\ud835\uddf8 \ud835\udfee\ud835\udfec\ud835\udfee\ud835\udfed\" width=\"800\" height=\"450\" src=\"https:\/\/www.youtube.com\/embed\/Zr-rad61KhE?feature=oembed\" frameborder=\"0\" allow=\"accelerometer; autoplay; clipboard-write; encrypted-media; gyroscope; picture-in-picture; web-share\" allowfullscreen><\/iframe><\/p>\n<p>Caroline Lamarche is een Franstalige dichteres en schrijfster van kortverhalen en romans. Zij won de vijfjaarlijkse literatuurprijs van de Federatie Walloni\u00eb-Brussel voor het geheel van haar \u0153uvre \u00e9n de<strong><em> \u201cGoncourt de la Nouvelle\u201d<\/em><\/strong> voor haar novelle <em>Nous sommes \u00e0 la lisi\u00e8re<\/em> (Gallimard, 2019). Voor haar radiodocumentaire <em>L&#8217;autre langue<\/em> over een Franstalige vrouw die Nederlands wil leren om de po\u00ebzie van Leonard Nolens te kunnen lezen, krijgt zij de \u201cPrix SACD\u201d op het Festival Phonurgia Nova. Zij schrijft radioverhalen voor France-Culture en de RTBF.<\/p>\n<p><a href=\"http:\/\/www.carolinelamarche.net\" target=\"_blank\" rel=\"noopener\">www.carolinelamarche.net<\/a><\/p>\n<p><strong>Expo tot en met zondag 05\/09<\/strong><\/p>\n","protected":false},"author":1,"featured_media":4490,"template":"","meta":{"_acf_changed":false,"footnotes":""},"lieu":[1258],"region":[],"event_type":[],"edition":[1360],"class_list":["post-4584","event","type-event","status-publish","has-post-thumbnail","hentry","lieu-centrale-for-contemporary-art-nl","edition-2021-nl"],"acf":[],"_links":{"self":[{"href":"https:\/\/www.lasemaineduson.be\/nl\/wp-json\/wp\/v2\/event\/4584","targetHints":{"allow":["GET"]}}],"collection":[{"href":"https:\/\/www.lasemaineduson.be\/nl\/wp-json\/wp\/v2\/event"}],"about":[{"href":"https:\/\/www.lasemaineduson.be\/nl\/wp-json\/wp\/v2\/types\/event"}],"author":[{"embeddable":true,"href":"https:\/\/www.lasemaineduson.be\/nl\/wp-json\/wp\/v2\/users\/1"}],"version-history":[{"count":1,"href":"https:\/\/www.lasemaineduson.be\/nl\/wp-json\/wp\/v2\/event\/4584\/revisions"}],"predecessor-version":[{"id":5390,"href":"https:\/\/www.lasemaineduson.be\/nl\/wp-json\/wp\/v2\/event\/4584\/revisions\/5390"}],"wp:featuredmedia":[{"embeddable":true,"href":"https:\/\/www.lasemaineduson.be\/nl\/wp-json\/wp\/v2\/media\/4490"}],"wp:attachment":[{"href":"https:\/\/www.lasemaineduson.be\/nl\/wp-json\/wp\/v2\/media?parent=4584"}],"wp:term":[{"taxonomy":"date","embeddable":true,"href":"https:\/\/www.lasemaineduson.be\/nl\/wp-json\/wp\/v2\/date?post=4584"},{"taxonomy":"lieu","embeddable":true,"href":"https:\/\/www.lasemaineduson.be\/nl\/wp-json\/wp\/v2\/lieu?post=4584"},{"taxonomy":"region","embeddable":true,"href":"https:\/\/www.lasemaineduson.be\/nl\/wp-json\/wp\/v2\/region?post=4584"},{"taxonomy":"event_type","embeddable":true,"href":"https:\/\/www.lasemaineduson.be\/nl\/wp-json\/wp\/v2\/event_type?post=4584"},{"taxonomy":"edition","embeddable":true,"href":"https:\/\/www.lasemaineduson.be\/nl\/wp-json\/wp\/v2\/edition?post=4584"}],"curies":[{"name":"wp","href":"https:\/\/api.w.org\/{rel}","templated":true}]}}